{"id":102,"date":"2015-06-22T16:11:37","date_gmt":"2015-06-22T14:11:37","guid":{"rendered":"http:\/\/adoratricesbadajoz.es\/?page_id=102"},"modified":"2025-05-25T20:21:38","modified_gmt":"2025-05-25T18:21:38","slug":"historia-del-centro","status":"publish","type":"page","link":"https:\/\/adoratricesbadajoz.es\/?page_id=102","title":{"rendered":"Nuestro Centro"},"content":{"rendered":"\n<div class=\"is-layout-flow wp-block-group\"><div class=\"wp-block-group__inner-container\">\n<p>\u00a0<\/p>\n<p style=\"text-align: center;\">\u00a0<\/p>\n<p style=\"text-align: justify;\">El Centro Concertado de Formaci\u00f3n Profesional Espec\u00edfica Santa Madre Sacramento de Badajoz, cuya titularidad ostentan las RR. Adoratrices, est\u00e1 ubicado en el casco antiguo de la ciudad, en la Plaza de San Jos\u00e9, entre las calles de San At\u00f3n y Su\u00e1rez de Figueroa.<\/p>\n<p style=\"text-align: justify;\">\u00c9ste se caracteriza por ser un centro peque\u00f1o, dedicado a la Formaci\u00f3n Profesional desde hace varias d\u00e9cadas, teniendo entre sus objetivos fundamentales la formaci\u00f3n de j\u00f3venes para el empleo.<\/p>\n<p style=\"text-align: justify;\">El factor humano es la columna vertebral y motor de nuestro centro. Proporcionamos as\u00ed, ense\u00f1anza de calidad, trabajando y fomentando el compromiso y la implicaci\u00f3n de todos los miembros de la Comunidad Educativa.<\/p>\n<\/div><\/div>\n","protected":false},"excerpt":{"rendered":"<p>\u00a0 \u00a0 El Centro Concertado de Formaci\u00f3n Profesional Espec\u00edfica Santa Madre Sacramento de Badajoz, cuya titularidad ostentan las RR. Adoratrices, est\u00e1 ubicado en el casco antiguo de la ciudad, en la Plaza de San Jos\u00e9, entre las calles de San At\u00f3n y Su\u00e1rez de Figueroa. \u00c9ste se caracteriza por ser un centro peque\u00f1o, dedicado a &hellip; <\/p>\n<p class=\"link-more\"><a href=\"https:\/\/adoratricesbadajoz.es\/?page_id=102\" class=\"more-link\">Continuar leyendo<span class=\"screen-reader-text\"> \u00abNuestro Centro\u00bb<\/span><\/a><\/p>\n","protected":false},"author":3,"featured_media":0,"parent":0,"menu_order":0,"comment_status":"closed","ping_status":"closed","template":"","meta":[],"_links":{"self":[{"href":"https:\/\/adoratricesbadajoz.es\/index.php?rest_route=\/wp\/v2\/pages\/102"}],"collection":[{"href":"https:\/\/adoratricesbadajoz.es\/index.php?rest_route=\/wp\/v2\/pages"}],"about":[{"href":"https:\/\/adoratricesbadajoz.es\/index.php?rest_route=\/wp\/v2\/types\/page"}],"author":[{"embeddable":true,"href":"https:\/\/adoratricesbadajoz.es\/index.php?rest_route=\/wp\/v2\/users\/3"}],"replies":[{"embeddable":true,"href":"https:\/\/adoratricesbadajoz.es\/index.php?rest_route=%2Fwp%2Fv2%2Fcomments&post=102"}],"version-history":[{"count":11,"href":"https:\/\/adoratricesbadajoz.es\/index.php?rest_route=\/wp\/v2\/pages\/102\/revisions"}],"predecessor-version":[{"id":914,"href":"https:\/\/adoratricesbadajoz.es\/index.php?rest_route=\/wp\/v2\/pages\/102\/revisions\/914"}],"wp:attachment":[{"href":"https:\/\/adoratricesbadajoz.es\/index.php?rest_route=%2Fwp%2Fv2%2Fmedia&parent=102"}],"curies":[{"name":"wp","href":"https:\/\/api.w.org\/{rel}","templated":true}]}}